{"id":4523,"date":"2021-02-18T21:21:30","date_gmt":"2021-02-18T20:21:30","guid":{"rendered":"https:\/\/kkm.frp.de\/?page_id=4523"},"modified":"2025-06-12T11:46:53","modified_gmt":"2025-06-12T09:46:53","slug":"archive-press-releases","status":"publish","type":"page","link":"https:\/\/www.kaethe-kollwitz.berlin\/en\/news\/archive-press-releases\/","title":{"rendered":"Archive Press releases"},"content":{"rendered":"<div class=\"wpb-content-wrapper\"><p>[vc_row type=&#8221;vc_default&#8221; full_width=&#8221;stretch_row&#8221; css=&#8221;.vc_custom_1737379710642{background-color: #929CA3 !important;background-position: center !important;background-repeat: no-repeat !important;background-size: cover !important;}&#8221;][vc_column css=&#8221;.vc_custom_1737379696041{margin-left: 0px !important;padding-top: 60px !important;padding-right: 0px !important;padding-bottom: 30px !important;padding-left: 0px !important;}&#8221;][vc_row_inner][vc_column_inner width=&#8221;2\/3&#8243;][vc_column_text el_class=&#8221;white-h1 white-h4&#8243;]<\/p>\n<h1>Archive press releases<\/h1>\n<p>[\/vc_column_text][\/vc_column_inner][vc_column_inner width=&#8221;1\/3&#8243;][\/vc_column_inner][\/vc_row_inner][\/vc_column][\/vc_row][vc_row type=&#8221;vc_default&#8221; full_width=&#8221;stretch_row&#8221; margin_top=&#8221;0px&#8221; margin_bottom=&#8221;0px&#8221; full_width_row=&#8221;true&#8221; bg_type=&#8221;image&#8221; parallax_style=&#8221;vcpb-default&#8221; bg_image_repeat=&#8221;no-repeat&#8221; min_height=&#8221;600px&#8221; css=&#8221;.vc_custom_1737379759806{margin-bottom: 0px !important;background-color: #FFFFFF !important;background-position: center !important;background-repeat: no-repeat !important;background-size: cover !important;}&#8221;][vc_column css=&#8221;.vc_custom_1601981376984{margin-right: 0px !important;margin-left: 0px !important;padding-top: 50px !important;padding-right: 0px !important;padding-bottom: 30px !important;padding-left: 0px !important;background-position: center !important;background-repeat: no-repeat !important;background-size: cover !important;}&#8221; offset=&#8221;vc_col-md-10&#8243;][vc_column_text css=&#8221;.vc_custom_1737379748587{margin-bottom: 0px !important;padding-bottom: 20px !important;}&#8221;]<\/p>\n<h3>Press releases 2025<\/h3>\n<p>[\/vc_column_text][vc_row_inner gap=&#8221;35&#8243;][vc_column_inner][vc_column_text css=&#8221;&#8221;]Pressemitteilung 2025-7 <a href=\"https:\/\/www.kaethe-kollwitz.berlin\/wp-content\/uploads\/2025\/06\/2025-06-03-PM_-Eroeffnung-1.OGKollwitzSonntag.pdf\" target=\"_blank\" rel=\"noopener\">Re-Opening: Pr\u00e4sentation der neuen R\u00e4ume im 1. OG<\/a><\/p>\n<p>Pressemitteilung 2025-6 <a href=\"https:\/\/www.kaethe-kollwitz.berlin\/wp-content\/uploads\/2025\/06\/2025-06-03-PM_Jan-Kollwitz.pdf\" target=\"_blank\" rel=\"noopener\">Sonderausstellung Japanische Keramik &#8211; Jan Kollwitz, 5.-13. Juli 2025<\/a><\/p>\n<p>Pressemitteilung 2025-5 <a href=\"https:\/\/www.kaethe-kollwitz.berlin\/wp-content\/uploads\/2025\/04\/2025-03-25-Pressemitteilung-Kollwitz-Avatar.pdf\" target=\"_blank\" rel=\"noopener\">Kunst trifft KI: Unterhalten mit dem Kollwitz-Avatar<\/a><\/p>\n<p>Pressemitteilung 2025-4 <a href=\"https:\/\/www.kaethe-kollwitz.berlin\/wp-content\/uploads\/2025\/04\/2025-03-24-Pressemitteilung-Vortrag-Sonya-und-Yury-Winterberg.pdf\" target=\"_blank\" rel=\"noopener\">Der Arzt und Sozialpolitiker Karl Kollwitz &#8211; Mehr als der Mann an K\u00e4thes Seite. Vortrag von Sonya und Yury Winterberg<\/a><\/p>\n<p>Pressemitteilung 2025-3 <a href=\"https:\/\/www.kaethe-kollwitz.berlin\/wp-content\/uploads\/2025\/04\/2025-03-04-Pressemitteilung-Vortrag-Uwe-Hartmann.pdf\" target=\"_blank\" rel=\"noopener\">VEB Kunst? Vortrag Uwe Hartmann, Deutsches Zentrum f\u00fcr Kulturgutverluste<\/a><\/p>\n<p>Pressemitteilung 2025-2 <a href=\"https:\/\/www.kaethe-kollwitz.berlin\/wp-content\/uploads\/2025\/01\/2025-01-13-Pressemitteilung-Vortrag-Rene-Allonge.pdf\" target=\"_blank\" rel=\"noopener\">Die Kunst des Ermittlelns_Vortrag BKA Ren\u00e9 Allonge<\/a><\/p>\n<p>Pressemitteilung 2025-1 <a href=\"https:\/\/www.kaethe-kollwitz.berlin\/wp-content\/uploads\/2025\/01\/2025-01-06-Pressemitteilung-KollwitzSonntag.pdf\" target=\"_blank\" rel=\"noopener\">Der neue KollwitzSonntag<\/a>[\/vc_column_text][\/vc_column_inner][\/vc_row_inner][\/vc_column][\/vc_row][vc_row type=&#8221;vc_default&#8221; full_width=&#8221;stretch_row&#8221; margin_top=&#8221;0px&#8221; margin_bottom=&#8221;0px&#8221; full_width_row=&#8221;true&#8221; bg_type=&#8221;image&#8221; parallax_style=&#8221;vcpb-default&#8221; bg_image_repeat=&#8221;no-repeat&#8221; min_height=&#8221;600px&#8221; css=&#8221;.vc_custom_1716986865758{margin-bottom: 0px !important;background-color: rgba(237,238,231,0.5) !important;background-position: center !important;background-repeat: no-repeat !important;background-size: cover !important;*background-color: rgb(237,238,231) !important;}&#8221;][vc_column css=&#8221;.vc_custom_1601981376984{margin-right: 0px !important;margin-left: 0px !important;padding-top: 50px !important;padding-right: 0px !important;padding-bottom: 30px !important;padding-left: 0px !important;background-position: center !important;background-repeat: no-repeat !important;background-size: cover !important;}&#8221; offset=&#8221;vc_col-md-10&#8243;][vc_column_text css=&#8221;.vc_custom_1716986026003{margin-bottom: 0px !important;padding-bottom: 20px !important;}&#8221;]<\/p>\n<h3>Press releases 2024<\/h3>\n<p>[\/vc_column_text][vc_row_inner gap=&#8221;35&#8243;][vc_column_inner][vc_column_text css=&#8221;&#8221;]Pressemitteilung 2024-8 <a href=\"https:\/\/www.kaethe-kollwitz.berlin\/wp-content\/uploads\/2024\/09\/2024-09-05-Pressemitteilung-Lesung-Otto-Nagel.pdf\" target=\"_blank\" rel=\"noopener\">Lesung Otto Nagel<\/a><\/p>\n<p>Pressemitteilung 2024-7 <a href=\"https:\/\/www.kaethe-kollwitz.berlin\/wp-content\/uploads\/2024\/09\/2024-08-22-Pressemitteilung_Willkommen-Kaethe-Kollwitz.pdf\" target=\"_blank\" rel=\"noopener\">Willkommen, K\u00e4the Kollwitz!<\/a><\/p>\n<p>Pressemitteilung 2024-11 <a href=\"https:\/\/www.kaethe-kollwitz.berlin\/wp-content\/uploads\/2025\/01\/2024-10-31-Pressemitteilung-Vortrag-Werner-Kraus-II.pdf\" target=\"_blank\" rel=\"noopener\">K\u00e4the Kollwitz und Asien, Teil 2<\/a><\/p>\n<p>Pressemitteilung 2024-10 <a href=\"https:\/\/www.kaethe-kollwitz.berlin\/wp-content\/uploads\/2025\/01\/2024-10-14-Pressemitteilung-zwei-Jahre-Kollwitz-Museum-im-Theaterbau.pdf\" target=\"_blank\" rel=\"noopener\">Zwei Jahre Kollwitz-Museum im Theaterbau<\/a><\/p>\n<p>Pressemitteilung 2024-9 <a href=\"https:\/\/www.kaethe-kollwitz.berlin\/wp-content\/uploads\/2025\/01\/2024-10-02-Pressemitteilung_Karl-Schmidt-Rottluff.pdf\" target=\"_blank\" rel=\"noopener\">Intervention Karl Schmidt-Rottluff<\/a><\/p>\n<p>Pressemitteilung 2024-6 <a href=\"https:\/\/www.kaethe-kollwitz.berlin\/wp-content\/uploads\/2024\/07\/2024-07-11-Pressemitteilung-Intervention-August-Gaul.pdf\" target=\"_blank\" rel=\"noopener\">Intervention August Gaul<\/a><\/p>\n<p>Pressemitteilung 2024-5 <a href=\"https:\/\/www.kaethe-kollwitz.berlin\/wp-content\/uploads\/2024\/06\/2024-06-06-Pressemitteilung-Vortrag-Annot-Jacobi.pdf\" target=\"_blank\" rel=\"noopener\">Vortrag zur Malerin und Friedenskativistin Annot Jacobi<\/a><\/p>\n<p>Pressemitteilung 2024-4 <a href=\"https:\/\/www.kaethe-kollwitz.berlin\/wp-content\/uploads\/2024\/05\/2024-05-06-Pressemitteilung-Lesung-Jutta-Hoffritz.pdf\" target=\"_blank\" rel=\"noopener\">Lesung Jutta Hoffritz aus &#8220;Totentanz&#8221; \u00fcber das Inflationsjahr 1923<\/a><\/p>\n<p>Pressemitteilung 2024-3 <a href=\"https:\/\/www.kaethe-kollwitz.berlin\/wp-content\/uploads\/2024\/05\/2024-04-04-Pressemitteilung_Jan-Kollwitz_Lesung.pdf\" target=\"_blank\" rel=\"noopener\">Lesung Jan Kollwitz<\/a><\/p>\n<p>Pressemitteilung 2024-2 <a href=\"https:\/\/www.kaethe-kollwitz.berlin\/wp-content\/uploads\/2024\/05\/2024-02-29-Pressemitteilung_Kaethe-Kollwitz-und-Asien.pdf\" target=\"_blank\" rel=\"noopener\">Vortragsabend zu K\u00e4the Kollwitz und Asien<\/a><\/p>\n<p>Pressemitteilung 2024-1 <a href=\"https:\/\/www.kaethe-kollwitz.berlin\/wp-content\/uploads\/2024\/05\/2024-1-23-Pressemitteilung_Von-wegen-alt.pdf\" target=\"_blank\" rel=\"noopener\">Von wegen alt! Kunstbetrachtung f\u00fcr Senioren<\/a>[\/vc_column_text][\/vc_column_inner][\/vc_row_inner][\/vc_column][\/vc_row][vc_row type=&#8221;vc_default&#8221; full_width=&#8221;stretch_row&#8221; margin_top=&#8221;0px&#8221; margin_bottom=&#8221;0px&#8221; full_width_row=&#8221;true&#8221; bg_type=&#8221;image&#8221; parallax_style=&#8221;vcpb-default&#8221; bg_image_repeat=&#8221;no-repeat&#8221; min_height=&#8221;600px&#8221; css=&#8221;.vc_custom_1601542677838{margin-bottom: 0px !important;background-color: #edeee7 !important;background-position: center !important;background-repeat: no-repeat !important;background-size: cover !important;}&#8221;][vc_column css=&#8221;.vc_custom_1601981376984{margin-right: 0px !important;margin-left: 0px !important;padding-top: 50px !important;padding-right: 0px !important;padding-bottom: 30px !important;padding-left: 0px !important;background-position: center !important;background-repeat: no-repeat !important;background-size: cover !important;}&#8221; offset=&#8221;vc_col-md-10&#8243;][vc_column_text css=&#8221;.vc_custom_1679930887604{margin-bottom: 0px !important;padding-bottom: 20px !important;}&#8221;]<\/p>\n<h3>Press releases 2023<\/h3>\n<p>[\/vc_column_text][vc_row_inner gap=&#8221;35&#8243;][vc_column_inner][vc_column_text css=&#8221;&#8221;]Pressemitteilung 2023-7 <a href=\"https:\/\/www.kaethe-kollwitz.berlin\/wp-content\/uploads\/2024\/05\/2023-12-19-Pressemitteilung_Wolfthorn.pdf\">Einladung zum Vortragsabend \u00fcber Julie Wolfthorn<\/a><\/p>\n<p>Pressemitteilung 2023-6 <a href=\"https:\/\/www.kaethe-kollwitz.berlin\/wp-content\/uploads\/2024\/05\/2023-11-15-Pressemitteilung_Sonderschau_Migrantinnen.pdf\" target=\"_blank\" rel=\"noopener\">Migrantinnen im K\u00e4the-Kollwitz-Museum Berlin &#8211; Sonderschau<\/a><\/p>\n<p>Pressemitteilung 2023-5 <a href=\"https:\/\/www.kaethe-kollwitz.berlin\/wp-content\/uploads\/2024\/05\/2023-10-31-Pressemitteilung-Dritte-Intervention-und-Slow-Art.pdf\" target=\"_blank\" rel=\"noopener\">Dritte Intervention und Slow Art<\/a><\/p>\n<p>Pressemitteilung 2023-4 <a href=\"https:\/\/www.kaethe-kollwitz.berlin\/wp-content\/uploads\/2024\/05\/2023-09-13-Pressemitteilung_Schenkung-Kollwitz-Briefe-und-Briefkarten.pdf\" target=\"_blank\" rel=\"noopener\">Schenkung Konvolut Kollwitz-Briefe<\/a><\/p>\n<p>Pressemitteilung 2023-3 <a href=\"https:\/\/www.kaethe-kollwitz.berlin\/wp-content\/uploads\/2024\/05\/2023-8-1-Pressemitteilung-Zweite-Intervention-und-Slow-Art.pdf\" target=\"_blank\" rel=\"noopener\">Zweite Intervention und Slow Art<\/a><\/p>\n<p>Pressemitteilung 2023-2 <a href=\"https:\/\/www.kaethe-kollwitz.berlin\/wp-content\/uploads\/2023\/03\/2023-3-9-Pressemitteilung-Interventionen-und-Slow-Art.pdf\" target=\"_blank\" rel=\"noopener\">Ausstellungsintervention &#8220;Mutter und Kind&#8221; \/ After Work Date: Slow Art<\/a><\/p>\n<p>Pressemitteilung 2023-1.1 <a href=\"https:\/\/www.kaethe-kollwitz.berlin\/wp-content\/uploads\/2024\/05\/2023-1-9-Pressemitteilung-UPDATE.pdf\" target=\"_blank\" rel=\"noopener\">Terminverschiebung Zerlegung der Bronzeplastik<\/a><\/p>\n<p>Pressemitteilung 2023-1 <a href=\"https:\/\/www.kaethe-kollwitz.berlin\/wp-content\/uploads\/2024\/05\/2023-1-4-Pressemitteilung-Transport-Seitz-Figur.pdf\" target=\"_blank\" rel=\"noopener\">Auf Wiedersehen, K\u00e4the Kollwitz: Bronzeplastik von Gustav Seitz wird zerlegt und abtransportiert<\/a>[\/vc_column_text][\/vc_column_inner][\/vc_row_inner][\/vc_column][\/vc_row][vc_row type=&#8221;vc_default&#8221; full_width=&#8221;stretch_row&#8221; margin_top=&#8221;0px&#8221; margin_bottom=&#8221;0px&#8221; full_width_row=&#8221;true&#8221; bg_type=&#8221;image&#8221; parallax_style=&#8221;vcpb-default&#8221; bg_image_repeat=&#8221;no-repeat&#8221; min_height=&#8221;600px&#8221; css=&#8221;.vc_custom_1641305732125{margin-bottom: 0px !important;background-color: rgba(255,255,255,0.95) !important;background-position: center !important;background-repeat: no-repeat !important;background-size: cover !important;*background-color: rgb(255,255,255) !important;}&#8221;][vc_column css=&#8221;.vc_custom_1601981376984{margin-right: 0px !important;margin-left: 0px !important;padding-top: 50px !important;padding-right: 0px !important;padding-bottom: 30px !important;padding-left: 0px !important;background-position: center !important;background-repeat: no-repeat !important;background-size: cover !important;}&#8221; offset=&#8221;vc_col-md-10&#8243;][vc_column_text css=&#8221;.vc_custom_1653073592315{margin-bottom: 0px !important;padding-bottom: 20px !important;}&#8221;]<\/p>\n<h3>Press releases 2022<\/h3>\n<p>[\/vc_column_text][vc_row_inner gap=&#8221;35&#8243;][vc_column_inner][vc_column_text css=&#8221;&#8221;]Pressemitteilung <a href=\"https:\/\/www.kaethe-kollwitz.berlin\/wp-content\/uploads\/2022\/09\/2022-8-29-Pressemitteilung-Eroeffnung-1.pdf\" target=\"_blank\" rel=\"noopener\">Neuer\u00f6ffnung 24. September 2022<\/a><\/p>\n<p>Pressemitteilung <a href=\"https:\/\/www.kaethe-kollwitz.berlin\/wp-content\/uploads\/2022\/05\/2022-5-18-Pressemitteilung-Sonderschau-Stadtteilmuetter.pdf\" target=\"_blank\" rel=\"noopener\">Sonderschau Stadtteilm\u00fctter im Kollwitz-Museum<\/a><\/p>\n<p>Pressemitteilung <a href=\"https:\/\/www.kaethe-kollwitz.berlin\/wp-content\/uploads\/2022\/01\/2021-12-8-Pressemitteilung-Zwischen-Erfolg-und-Exil.pdf\" target=\"_blank\" rel=\"noopener\">Sonderausstellung Zwischen Erfolg und Exil. Lotte Jacobi und Lotte Reiniger<\/a>[\/vc_column_text][\/vc_column_inner][\/vc_row_inner][\/vc_column][\/vc_row][vc_row type=&#8221;vc_default&#8221; full_width=&#8221;stretch_row&#8221; margin_top=&#8221;0px&#8221; margin_bottom=&#8221;0px&#8221; full_width_row=&#8221;true&#8221; bg_type=&#8221;image&#8221; parallax_style=&#8221;vcpb-default&#8221; bg_image_repeat=&#8221;no-repeat&#8221; min_height=&#8221;600px&#8221; css=&#8221;.vc_custom_1653073557385{margin-bottom: 0px !important;background-color: rgba(237,238,231,0.5) !important;background-position: center !important;background-repeat: no-repeat !important;background-size: cover !important;*background-color: rgb(237,238,231) !important;}&#8221;][vc_column css=&#8221;.vc_custom_1601981376984{margin-right: 0px !important;margin-left: 0px !important;padding-top: 50px !important;padding-right: 0px !important;padding-bottom: 30px !important;padding-left: 0px !important;background-position: center !important;background-repeat: no-repeat !important;background-size: cover !important;}&#8221; offset=&#8221;vc_col-md-10&#8243;][vc_column_text css=&#8221;.vc_custom_1641305330577{margin-bottom: 0px !important;padding-bottom: 20px !important;}&#8221;]<\/p>\n<h3>Press releases 2021<\/h3>\n<p>[\/vc_column_text][vc_row_inner gap=&#8221;35&#8243;][vc_column_inner][vc_column_text]Pressemitteilung <a href=\"https:\/\/www.kaethe-kollwitz.berlin\/wp-content\/uploads\/2021\/10\/Heinrich-Zille-im-Kaethe-Kollwitz-Museum-Berlin-Herbst-2021.pdf\" target=\"_blank\" rel=\"noopener\">Sonderausstellung Heinrich Zille<\/a><\/p>\n<p>Pressemitteilung <a href=\"https:\/\/www.kaethe-kollwitz.berlin\/wp-content\/uploads\/2021\/10\/Pressemitteilung-2021-VdBK-6-aus-60.pdf\" target=\"_blank\" rel=\"noopener\">Sonderausstellung 6 aus 60 | Schwarz + Wei\u00df<\/a><br \/>\nDer Verein der Berliner K\u00fcnstlerinnen 1867 zu Gast im Kollwitz-Museum<\/p>\n<p>Pressemitteilung 2021, April <a href=\"https:\/\/www.kaethe-kollwitz.berlin\/wp-content\/uploads\/2021\/04\/Pressemitteilung-Wiederoeffnung-April-2021.pdf\" target=\"_blank\" rel=\"noopener\">Wiederer\u00f6ffung<\/a>[\/vc_column_text][\/vc_column_inner][\/vc_row_inner][\/vc_column][\/vc_row][vc_row type=&#8221;vc_default&#8221; full_width=&#8221;stretch_row&#8221; margin_top=&#8221;0px&#8221; margin_bottom=&#8221;0px&#8221; full_width_row=&#8221;true&#8221; bg_type=&#8221;image&#8221; parallax_style=&#8221;vcpb-default&#8221; bg_image_repeat=&#8221;no-repeat&#8221; min_height=&#8221;600px&#8221; css=&#8221;.vc_custom_1601542677838{margin-bottom: 0px !important;background-color: #edeee7 !important;background-position: center !important;background-repeat: no-repeat !important;background-size: cover !important;}&#8221;][vc_column css=&#8221;.vc_custom_1601981376984{margin-right: 0px !important;margin-left: 0px !important;padding-top: 50px !important;padding-right: 0px !important;padding-bottom: 30px !important;padding-left: 0px !important;background-position: center !important;background-repeat: no-repeat !important;background-size: cover !important;}&#8221; offset=&#8221;vc_col-md-10&#8243;][vc_column_text css=&#8221;.vc_custom_1613679615052{margin-bottom: 0px !important;padding-bottom: 20px !important;}&#8221;]<\/p>\n<h3>Press releases 2020<\/h3>\n<p>[\/vc_column_text][vc_row_inner gap=&#8221;35&#8243;][vc_column_inner][vc_column_text]Pressemitteilung 2020-8 <a href=\"https:\/\/www.kaethe-kollwitz.berlin\/wp-content\/uploads\/2021\/04\/Pressemeldung-Kaethe-Kollwitz-Mit-Haenden-sprechen.pdf\" target=\"_blank\" rel=\"noopener\">Sonderausstellung K\u00e4the Kollwitz &#8211; Mit H\u00e4nden sprechen<\/a><\/p>\n<p>Pressemitteilung 2020-7 <a href=\"https:\/\/www.kaethe-kollwitz.berlin\/wp-content\/uploads\/2021\/04\/2020-9-24-Slow-Art-Fuehrung-wieder-im-Programm.pdf\" target=\"_blank\" rel=\"noopener\">Slow Art F\u00fchrung wieder im Programm<\/a><\/p>\n<p>Pressemitteilung 2020-6 <a href=\"https:\/\/www.kaethe-kollwitz.berlin\/wp-content\/uploads\/2021\/04\/Pressemitteilung-VdBK-8-aus-54.pdf\" target=\"_blank\" rel=\"noopener\">8 aus 54 &#8211; Schwarz + Wei\u00df<\/a><br \/>\n<a href=\"https:\/\/www.kaethe-kollwitz.berlin\/wp-content\/uploads\/2021\/04\/Pressemitteilung-VdBK-8-aus-54.pdf\" target=\"_blank\" rel=\"noopener\">Der Verein der Berliner K\u00fcnstlerinnen zu Gast im K\u00e4the-Kollwitz-Museum<\/a><\/p>\n<p>Pressemitteilung 2020-5 <a href=\"https:\/\/www.kaethe-kollwitz.berlin\/wp-content\/uploads\/2021\/04\/2020-7-6-Hoerbuch-Kaethe-Kollwitz-und-ihre-Familie.pdf\" target=\"_blank\" rel=\"noopener\">H\u00f6rbuch-Ver\u00f6ffentlichung zum Geburtstag von K\u00e4the Kollwitz<\/a><\/p>\n<p>Pressemitteilung 2020-4 <a href=\"https:\/\/www.kaethe-kollwitz.berlin\/wp-content\/uploads\/2021\/04\/Pressemitteilung-Wiederoeffnung-April-2021.pdf\" target=\"_blank\" rel=\"noopener\">Wieder\u00f6ffnung des Kollwitz-Museums<\/a><\/p>\n<p>Pressemitteilung 2020-3 <a href=\"https:\/\/www.kaethe-kollwitz.berlin\/wp-content\/uploads\/2021\/04\/Neue-Adresse-fuer-das-KKMB-ab-2022.pdf\" target=\"_blank\" rel=\"noopener\">Neuer Standort: Theaterbau am Schloss Charlottenburg<\/a><\/p>\n<p>2020-2 Einladung <a href=\"https:\/\/www.kaethe-kollwitz.berlin\/wp-content\/uploads\/2021\/04\/SPSG-Presse-Einladung_-27.02.pdf\" target=\"_blank\" rel=\"noopener\">Pressekonferenz Neuer Standort<\/a><\/p>\n<p>Pressemitteilung 2020-1 Sonderausstellungen<br \/>\n<a href=\"https:\/\/www.kaethe-kollwitz.berlin\/wp-content\/uploads\/2021\/04\/Pressemitt.-100-Jahre-Gross-Berlin_Kaethe-Kollwitz_Mutter-und-Kind.pdf\" target=\"_blank\" rel=\"noopener\"><em>100 JAHRE GROSS-BERLIN K\u00e4the Kollwitz und das Elend der Gro\u00dfstadt<\/em><\/a><br \/>\n<a href=\"https:\/\/www.kaethe-kollwitz.berlin\/wp-content\/uploads\/2021\/04\/Pressemitt.-100-Jahre-Gross-Berlin_Kaethe-Kollwitz_Mutter-und-Kind.pdf\" target=\"_blank\" rel=\"noopener\"><em>AUS EINER PRIVATSAMMLUNG K\u00e4the Kollwitz &#8211; Mutter und Kind<\/em><\/a>[\/vc_column_text][\/vc_column_inner][\/vc_row_inner][\/vc_column][\/vc_row][vc_row type=&#8221;vc_default&#8221; full_width=&#8221;stretch_row&#8221; margin_top=&#8221;0px&#8221; margin_bottom=&#8221;0px&#8221; full_width_row=&#8221;true&#8221; bg_type=&#8221;image&#8221; parallax_style=&#8221;vcpb-default&#8221; bg_image_repeat=&#8221;no-repeat&#8221; min_height=&#8221;600px&#8221; css=&#8221;.vc_custom_1653073514344{margin-bottom: 0px !important;background-color: rgba(255,255,255,0.53) !important;background-position: center !important;background-repeat: no-repeat !important;background-size: cover !important;*background-color: rgb(255,255,255) !important;}&#8221;][vc_column css=&#8221;.vc_custom_1601981376984{margin-right: 0px !important;margin-left: 0px !important;padding-top: 50px !important;padding-right: 0px !important;padding-bottom: 30px !important;padding-left: 0px !important;background-position: center !important;background-repeat: no-repeat !important;background-size: cover !important;}&#8221; offset=&#8221;vc_col-md-10&#8243;][vc_column_text css=&#8221;.vc_custom_1613679633887{margin-bottom: 0px !important;padding-bottom: 20px !important;}&#8221;]<\/p>\n<h3>Press releases 2019<\/h3>\n<p>[\/vc_column_text][vc_row_inner gap=&#8221;35&#8243;][vc_column_inner][vc_column_text]Pressemitteilung 2019-9 <a href=\"https:\/\/www.kaethe-kollwitz.berlin\/wp-content\/uploads\/2021\/04\/Pressemitteilung-9_2019-August-Gaul-150.pdf\" target=\"_blank\" rel=\"noopener\">Sonderausstellung zum 150. Geburtstag von August Gaul<\/a><\/p>\n<p>Pressemitteilung 2019-8 <a href=\"https:\/\/www.kaethe-kollwitz.berlin\/wp-content\/uploads\/2021\/04\/Pressemitteilung-8_2019-Grosz_Huhn-im-Kopf_ohne-Bild.pdf\" target=\"_blank\" rel=\"noopener\">Sonderausstellung <em>George Grosz &#8211; Das Huhn im Kopf<\/em><\/a><\/p>\n<p>Pressemitteilung 2019-7 <a href=\"https:\/\/www.kaethe-kollwitz.berlin\/wp-content\/uploads\/2021\/04\/Pressemitteilung-7_2019-Schenkung-ans-Kollwitz-Museum.pdf\" target=\"_blank\" rel=\"noopener\">Schenkung ans Kollwitz-Museum, Wilhelm Loths Bronzerelief<em> Erinnerung an die Frauen der Kollwitz<\/em>, 1984<\/a><\/p>\n<p>Pressemitteilung 2019 <a href=\"https:\/\/www.kaethe-kollwitz.berlin\/wp-content\/uploads\/2021\/04\/PM-VdBK-Ka\u0308the-Kollwitz-Museum.pdf\" target=\"_blank\" rel=\"noopener\">Sonderausstellung &#8220;12 aus 46&#8221; <em>&#8211; Der Verein der Berliner K\u00fcnstlerinnen zu Gast im K\u00e4the-Kollwitz-Museum Berlin <\/em><\/a><\/p>\n<p>Pressemitteilung 2019-6 <a href=\"https:\/\/www.kaethe-kollwitz.berlin\/wp-content\/uploads\/2021\/04\/Vortrag_Stoecker_Nachlese_Presse.pdf\" target=\"_blank\" rel=\"noopener\">Nachlese Finissage mit K\u00fcnstlergespr\u00e4ch, Bildhauer und Hrdlicka-Sch\u00fcler Bernd St\u00f6cker \u00fcber <em>die Arbeitsweise von Alfred Hrdlicka und den Erfahrungen aus seiner Lehre<\/em><\/a><\/p>\n<p>Pressemitteilung 2019-3 <a href=\"https:\/\/www.kaethe-kollwitz.berlin\/wp-content\/uploads\/2021\/04\/Vortrag_Prof-Ruppert_Presse_Ankuendigung.pdf\" target=\"_blank\" rel=\"noopener\">Ank\u00fcndigung<\/a> und Pressemitteilung 2019-4 <a href=\"https:\/\/www.kaethe-kollwitz.berlin\/wp-content\/uploads\/2021\/04\/Vortrag_Prof-Ruppert_Nachlese_Presse.pdf\" target=\"_blank\" rel=\"noopener\">Nachlese Vortrag <em>K\u00fcnstler! Politischer K\u00fcnstler? Alfred Hrdlicka und seine Zeitgenossenschaft<\/em> von Prof. Dr. Wolfgang Ruppert, UdK Berlin<\/a><\/p>\n<p>Pressemitteilung 2019-2 <a href=\"https:\/\/www.kaethe-kollwitz.berlin\/wp-content\/uploads\/2021\/04\/Pressemitteilung-Alfred-Hrdlicka_Reminder.pdf\" target=\"_blank\" rel=\"noopener\">Sonderausstellung Alfred Hrdlicka &#8211; Auf den Barrikaden<\/a><\/p>\n<p>Pressemitteilung 2019-1 Verl\u00e4ngerung Ausstellung Robert Liebknecht[\/vc_column_text][\/vc_column_inner][\/vc_row_inner][\/vc_column][\/vc_row][vc_row type=&#8221;vc_default&#8221; full_width=&#8221;stretch_row&#8221; margin_top=&#8221;0px&#8221; margin_bottom=&#8221;0px&#8221; full_width_row=&#8221;true&#8221; bg_type=&#8221;image&#8221; parallax_style=&#8221;vcpb-default&#8221; bg_image_repeat=&#8221;no-repeat&#8221; min_height=&#8221;600px&#8221; css=&#8221;.vc_custom_1653073502039{margin-bottom: 0px !important;background-color: rgba(237,238,231,0.5) !important;background-position: center !important;background-repeat: no-repeat !important;background-size: cover !important;*background-color: rgb(237,238,231) !important;}&#8221;][vc_column css=&#8221;.vc_custom_1601981376984{margin-right: 0px !important;margin-left: 0px !important;padding-top: 50px !important;padding-right: 0px !important;padding-bottom: 30px !important;padding-left: 0px !important;background-position: center !important;background-repeat: no-repeat !important;background-size: cover !important;}&#8221; offset=&#8221;vc_col-md-10&#8243;][vc_column_text css=&#8221;.vc_custom_1613679651379{margin-bottom: 0px !important;padding-bottom: 20px !important;}&#8221;]<\/p>\n<h3>Press releases 2018<\/h3>\n<p>[\/vc_column_text][vc_row_inner gap=&#8221;35&#8243;][vc_column_inner][vc_column_text]Pressemitteilung 2018-5 <a href=\"https:\/\/www.kaethe-kollwitz.berlin\/wp-content\/uploads\/2021\/04\/Pressemitteilung-Robert-Liebknecht.pdf\" target=\"_blank\" rel=\"noopener\">Revolutionswinter 18\/19 Sonderausstellung zum Fr\u00fchwerk Robert Liebknechts mit Studioausstellung zum Gedenkblatt f\u00fcr Karl Liebknecht von K\u00e4the Kollwitz<\/a><\/p>\n<p>Pressemitteilung 2018-4 <a href=\"https:\/\/www.kaethe-kollwitz.berlin\/wp-content\/uploads\/2021\/04\/Pressemitteilung-Ausstellung-Jan-Kollwitz.pdf\" target=\"_blank\" rel=\"noopener\">Ausstellung Jan Kollwitz &#8211; Japanische Keramik<\/a><\/p>\n<p>Pressemitteilung 2018-03 <a href=\"https:\/\/www.kaethe-kollwitz.berlin\/wp-content\/uploads\/2021\/04\/Pressemitteilung-03_Todestag-2018-4-22.pdf\" target=\"_blank\" rel=\"noopener\">&#8220;Kollwitz trifft Goethe.&#8221; Vortrag anl\u00e4sslich des 73. Todestages von K\u00e4the Kollwitz am 22. April 2018<\/a>[\/vc_column_text][\/vc_column_inner][\/vc_row_inner][\/vc_column][\/vc_row][vc_row type=&#8221;vc_default&#8221; full_width=&#8221;stretch_row&#8221; margin_top=&#8221;0px&#8221; margin_bottom=&#8221;0px&#8221; full_width_row=&#8221;true&#8221; bg_type=&#8221;image&#8221; parallax_style=&#8221;vcpb-default&#8221; bg_image_repeat=&#8221;no-repeat&#8221; min_height=&#8221;600px&#8221; css=&#8221;.vc_custom_1653073488739{margin-bottom: 0px !important;background-color: #edeee7 !important;background-position: center !important;background-repeat: no-repeat !important;background-size: cover !important;}&#8221;][vc_column css=&#8221;.vc_custom_1601981376984{margin-right: 0px !important;margin-left: 0px !important;padding-top: 50px !important;padding-right: 0px !important;padding-bottom: 30px !important;padding-left: 0px !important;background-position: center !important;background-repeat: no-repeat !important;background-size: cover !important;}&#8221; offset=&#8221;vc_col-md-10&#8243;][vc_column_text css=&#8221;.vc_custom_1613679667057{margin-bottom: 0px !important;padding-bottom: 20px !important;}&#8221;]<\/p>\n<h3>Press releases 2017<\/h3>\n<p>[\/vc_column_text][vc_row_inner gap=&#8221;35&#8243;][vc_column_inner][vc_column_text]Pressemitteilung 2017-10 <a href=\"https:\/\/www.kaethe-kollwitz.berlin\/wp-content\/uploads\/2021\/04\/Pressemitteilung-2017-10-24.pdf\" target=\"_blank\" rel=\"noopener\">Neue Leitung f\u00fcr das K\u00e4the-Kollwitz-Museum Berlin<\/a><\/p>\n<p>Pressemitteilung 2017-09 <a href=\"https:\/\/www.kaethe-kollwitz.berlin\/wp-content\/uploads\/2021\/04\/Pressemitteilung-2017-8-1.pdf\" target=\"_blank\" rel=\"noopener\">Gro\u00dfartiger Besucherzuspruch f\u00fcr die Sonderausstellung &#8220;K\u00e4the Kollwitz und ihre Freunde&#8221;<\/a><\/p>\n<p>Pressemitteilung 2017-08 <a href=\"https:\/\/www.kaethe-kollwitz.berlin\/wp-content\/uploads\/2021\/04\/Pressemitteilung-08-2017.pdf\" target=\"_blank\" rel=\"noopener\">Junge Leute und Besucheransturm im K\u00e4the-Kollwitz-Museum<\/a><\/p>\n<p>Pressemitteilung 2017-07 <a href=\"https:\/\/www.kaethe-kollwitz.berlin\/wp-content\/uploads\/2021\/04\/Pressemitteilung-07-2017.pdf\" target=\"_blank\" rel=\"noopener\">Deutsche Delegation in K\u00f6nigsberg-Kaliningrad anl\u00e4sslich der Festlichkeiten zum 150. Geburtstag von K\u00e4the Kollwitz<\/a><\/p>\n<p>Pressemitteilung 2017-06 <a href=\"https:\/\/www.kaethe-kollwitz.berlin\/wp-content\/uploads\/2021\/04\/Pressemitteilung-2017-6-29.pdf\" target=\"_blank\" rel=\"noopener\">Preisverleihung Sch\u00fclerwettbewerb &#8220;Sei K\u00e4the &#8211; Be Kollwitz!&#8221; am 8.7.2017<\/a><\/p>\n<p>Pressemitteilung 2017-05 <a href=\"https:\/\/www.kaethe-kollwitz.berlin\/wp-content\/uploads\/2021\/04\/Pressemitteilung-2017-06.pdf\" target=\"_blank\" rel=\"noopener\">Er\u00f6ffnung Sonderausstellung &#8220;K\u00e4the Kollwitz und ihre Freunde&#8221;<\/a><\/p>\n<p>Pressemitteilung 2017-04 <a href=\"https:\/\/www.kaethe-kollwitz.berlin\/wp-content\/uploads\/2021\/04\/Pressemitteilung-2017-6.1.pdf\" target=\"_blank\" rel=\"noopener\">Wettbewerb f\u00fcr Sch\u00fcler &#8220;Sei K\u00e4the &#8211; Be Kollwitz!&#8221;<\/a><\/p>\n<p>Pressemitteilung 2017-03 <a href=\"https:\/\/www.kaethe-kollwitz.berlin\/wp-content\/uploads\/2021\/04\/Pressemitteilung-2017-4.pdf\" target=\"_blank\" rel=\"noopener\">Publikation &#8220;K\u00e4the Kollwitz und ihre Spuren im Kaliningrader Gebiet&#8221;<\/a><\/p>\n<p>Pressemitteilung 2017-02 <a href=\"https:\/\/www.kaethe-kollwitz.berlin\/wp-content\/uploads\/2021\/04\/Pressemitteilung-2017-02.pdf\" target=\"_blank\" rel=\"noopener\">Fotoausstellung &#8220;Ein Jahr Heimat&#8221; Fotograf Lorenz Kienzle und Filmemacher Omar Akahare<\/a><\/p>\n<p>Pressemitteilung 2017-01 <a href=\"https:\/\/www.kaethe-kollwitz.berlin\/wp-content\/uploads\/2021\/04\/Pressemitteilung-2017-01_small.pdf\" target=\"_blank\" rel=\"noopener\">\u00dcberblick Jahresprogramm<\/a>[\/vc_column_text][\/vc_column_inner][\/vc_row_inner][\/vc_column][\/vc_row][vc_row type=&#8221;vc_default&#8221; full_width=&#8221;stretch_row&#8221; margin_top=&#8221;0px&#8221; margin_bottom=&#8221;0px&#8221; full_width_row=&#8221;true&#8221; bg_type=&#8221;image&#8221; parallax_style=&#8221;vcpb-default&#8221; bg_image_repeat=&#8221;no-repeat&#8221; min_height=&#8221;600px&#8221; css=&#8221;.vc_custom_1599651594934{margin-bottom: 0px !important;padding-bottom: 0px !important;background-position: center !important;background-repeat: no-repeat !important;background-size: cover !important;}&#8221;][vc_column css=&#8221;.vc_custom_1601984014119{margin-right: 0px !important;margin-left: 0px !important;padding-right: 0px !important;padding-bottom: 0px !important;padding-left: 0px !important;background-position: center !important;background-repeat: no-repeat !important;background-size: cover !important;}&#8221;]<div class=\"ult-spacer spacer-69f456f5f024a\" data-id=\"69f456f5f024a\" data-height=\"70\" data-height-mobile=\"70\" data-height-tab=\"70\" data-height-tab-portrait=\"\" data-height-mobile-landscape=\"\" style=\"clear:both;display:block;\"><\/div><style type=\"text\/css\">#dt-btn-1 {color: #888888;border-color: #888888;}#dt-btn-1 > .text-wrap * {color: #888888;}#dt-btn-1:hover {color: #ffffff;background: #888888;border-color: #888888;}#dt-btn-1:hover > .text-wrap * {color: #ffffff;}<\/style><a href=\"\/aktuelles\/presse\/\" class=\"btn-shortcode dt-btn-m dt-btn outline-bg-btn custom-btn-color custom-btn-hover-color\" id=\"dt-btn-1\"><span>&lt; zur\u00fcck<\/span><\/a><div class=\"ult-spacer spacer-69f456f5f0385\" data-id=\"69f456f5f0385\" data-height=\"100\" data-height-mobile=\"100\" data-height-tab=\"100\" data-height-tab-portrait=\"\" data-height-mobile-landscape=\"\" style=\"clear:both;display:block;\"><\/div>[\/vc_column][\/vc_row]<\/p>\n<\/div>","protected":false},"excerpt":{"rendered":"<p>[vc_row type=&#8221;vc_default&#8221; full_width=&#8221;stretch_row&#8221; css=&#8221;.vc_custom_1737379710642{background-color: #929CA3 !important;background-position: center !important;background-repeat: no-repeat !important;background-size: cover !important;}&#8221;][vc_column css=&#8221;.vc_custom_1737379696041{margin-left: 0px !important;padding-top: 60px !important;padding-right: 0px !important;padding-bottom: 30px !important;padding-left: 0px !important;}&#8221;][vc_row_inner][vc_column_inner width=&#8221;2\/3&#8243;][vc_column_text el_class=&#8221;white-h1 white-h4&#8243;] Archive press releases [\/vc_column_text][\/vc_column_inner][vc_column_inner width=&#8221;1\/3&#8243;][\/vc_column_inner][\/vc_row_inner][\/vc_column][\/vc_row][vc_row type=&#8221;vc_default&#8221; full_width=&#8221;stretch_row&#8221; margin_top=&#8221;0px&#8221; margin_bottom=&#8221;0px&#8221; full_width_row=&#8221;true&#8221; bg_type=&#8221;image&#8221; parallax_style=&#8221;vcpb-default&#8221; bg_image_repeat=&#8221;no-repeat&#8221; min_height=&#8221;600px&#8221; css=&#8221;.vc_custom_1737379759806{margin-bottom: 0px !important;background-color: #FFFFFF !important;background-position: center !important;background-repeat: no-repeat !important;background-size: cover !important;}&#8221;][vc_column css=&#8221;.vc_custom_1601981376984{margin-right: 0px !important;margin-left: 0px&hellip;<\/p>\n","protected":false},"author":2,"featured_media":0,"parent":2941,"menu_order":0,"comment_status":"closed","ping_status":"closed","template":"","meta":{"footnotes":""},"class_list":["post-4523","page","type-page","status-publish","hentry","description-off"],"_links":{"self":[{"href":"https:\/\/www.kaethe-kollwitz.berlin\/en\/wp-json\/wp\/v2\/pages\/4523","targetHints":{"allow":["GET"]}}],"collection":[{"href":"https:\/\/www.kaethe-kollwitz.berlin\/en\/wp-json\/wp\/v2\/pages"}],"about":[{"href":"https:\/\/www.kaethe-kollwitz.berlin\/en\/wp-json\/wp\/v2\/types\/page"}],"author":[{"embeddable":true,"href":"https:\/\/www.kaethe-kollwitz.berlin\/en\/wp-json\/wp\/v2\/users\/2"}],"replies":[{"embeddable":true,"href":"https:\/\/www.kaethe-kollwitz.berlin\/en\/wp-json\/wp\/v2\/comments?post=4523"}],"version-history":[{"count":21,"href":"https:\/\/www.kaethe-kollwitz.berlin\/en\/wp-json\/wp\/v2\/pages\/4523\/revisions"}],"predecessor-version":[{"id":13439,"href":"https:\/\/www.kaethe-kollwitz.berlin\/en\/wp-json\/wp\/v2\/pages\/4523\/revisions\/13439"}],"up":[{"embeddable":true,"href":"https:\/\/www.kaethe-kollwitz.berlin\/en\/wp-json\/wp\/v2\/pages\/2941"}],"wp:attachment":[{"href":"https:\/\/www.kaethe-kollwitz.berlin\/en\/wp-json\/wp\/v2\/media?parent=4523"}],"curies":[{"name":"wp","href":"https:\/\/api.w.org\/{rel}","templated":true}]}}