{"id":10483,"date":"2023-10-17T14:52:16","date_gmt":"2023-10-17T12:52:16","guid":{"rendered":"https:\/\/www.kaethe-kollwitz.berlin\/?page_id=10483"},"modified":"2026-03-24T09:50:35","modified_gmt":"2026-03-24T08:50:35","slug":"opening-hours-and-tickets","status":"publish","type":"page","link":"https:\/\/www.kaethe-kollwitz.berlin\/en\/visit\/opening-hours-and-tickets\/","title":{"rendered":"Opening hours and tickets"},"content":{"rendered":"<div class=\"wpb-content-wrapper\"><p>[vc_row type=&#8221;vc_default&#8221; full_width=&#8221;stretch_row&#8221; margin_top=&#8221;0px&#8221; margin_bottom=&#8221;0px&#8221; full_width_row=&#8221;true&#8221; bg_type=&#8221;image&#8221; parallax_style=&#8221;vcpb-default&#8221; bg_image_repeat=&#8221;no-repeat&#8221; min_height=&#8221;600px&#8221; css=&#8221;.vc_custom_1604492847091{margin-bottom: 0px !important;background-color: #edeee7 !important;background-position: center !important;background-repeat: no-repeat !important;background-size: cover !important;}&#8221;][vc_column css=&#8221;.vc_custom_1601542853867{margin-right: 0px !important;margin-left: 0px !important;padding-top: 60px !important;padding-right: 0px !important;padding-bottom: 30px !important;padding-left: 0px !important;background-position: center !important;background-repeat: no-repeat !important;background-size: cover !important;}&#8221;][vc_row_inner][vc_column_inner width=&#8221;2\/3&#8243;][vc_column_text]<\/p>\n<h1>Opening hours &amp; tickets<\/h1>\n<p>[\/vc_column_text]<div class=\"ult-spacer spacer-69f480c40787b\" data-id=\"69f480c40787b\" data-height=\"25\" data-height-mobile=\"25\" data-height-tab=\"25\" data-height-tab-portrait=\"\" data-height-mobile-landscape=\"\" style=\"clear:both;display:block;\"><\/div>[\/vc_column_inner][\/vc_row_inner][vc_row_inner][vc_column_inner width=&#8221;2\/3&#8243;][vc_column_text]<\/p>\n<h4>daily open from 11.00 till 18.00, even on Sun- and Holidays<\/h4>\n<h4>closed Christmas Eve and New Year&#8217;s Eve<\/h4>\n<p>[\/vc_column_text][vc_column_text]<\/p>\n<h4><span style=\"color: #f08500;\">We are currently converting our online ticketing \u2013 please purchase tickets directly at the museum ticket office in the Theaterbau. We look forward to your visit.<\/span><\/h4>\n<h4><span style=\"color: #f08500;\">\u00a0<\/span><\/h4>\n<p>[\/vc_column_text][\/vc_column_inner][\/vc_row_inner][\/vc_column][\/vc_row][vc_row type=&#8221;vc_default&#8221; full_width=&#8221;stretch_row&#8221; disable_element=&#8221;yes&#8221; margin_top=&#8221;0px&#8221; margin_bottom=&#8221;0px&#8221; full_width_row=&#8221;true&#8221; bg_type=&#8221;image&#8221; parallax_style=&#8221;vcpb-default&#8221; bg_image_repeat=&#8221;no-repeat&#8221; min_height=&#8221;600px&#8221; css=&#8221;.vc_custom_1697102112577{margin-bottom: 0px !important;background-color: rgba(255,255,255,0.95) !important;background-position: center !important;background-repeat: no-repeat !important;background-size: cover !important;*background-color: rgb(255,255,255) !important;}&#8221;][vc_column css=&#8221;.vc_custom_1601542853867{margin-right: 0px !important;margin-left: 0px !important;padding-top: 60px !important;padding-right: 0px !important;padding-bottom: 30px !important;padding-left: 0px !important;background-position: center !important;background-repeat: no-repeat !important;background-size: cover !important;}&#8221;][vc_row_inner disable_element=&#8221;yes&#8221;][vc_column_inner width=&#8221;2\/3&#8243;]<div class=\"aio-icon-component    style_1\"><div id=\"Info-box-wrap-4870\" class=\"aio-icon-box square_box-icon\" style=\"border-color:#f08500;border-style:solid;background-color:#ffffff;\" data-min-height='50px' ><div class=\"aio-icon-header\" ><h4 class=\"aio-icon-title ult-responsive\"  data-ultimate-target='#Info-box-wrap-4870 .aio-icon-title'  data-responsive-json-new='{\"font-size\":\"\",\"line-height\":\"\"}'  style=\"\">Current construction work<\/h4><\/div> <!-- header --><div class=\"aio-icon-description ult-responsive\"  data-ultimate-target='#Info-box-wrap-4870 .aio-icon-description'  data-responsive-json-new='{\"font-size\":\"\",\"line-height\":\"\"}'  style=\"\"><\/p>\n<p style=\"text-align: left;\">Dear visitors,<\/p>\n<p style=\"text-align: left;\">the K\u00e4the Kollwitz Museum is currently renovating its new exhibition rooms on the first floor. It is planned to move into the rooms in spring 2025. The museum with its exhibition is still open.<\/p>\n<p style=\"text-align: left;\">In the course of the construction work, there may be considerable noise disturbance. We apologise for this. We will inform you as soon as possible about any restrictions on our opening hours.<\/p>\n<p style=\"text-align: left;\">Thank you for your understanding!<\/p>\n<p><\/div> <!-- description --><\/div> <!-- aio-icon-box --><\/div> <!-- aio-icon-component -->[vc_column_text]<\/p>\n<h1>Online-Tickets<\/h1>\n<h4>Buchen Sie Zeitfenstertickets f\u00fcr Ihren Besuch im K\u00e4the-Kollwitz-Museum Berlin bequem hier online.<\/h4>\n<h4>Die Bestimmungen zur Ein\u00add\u00e4mmung der COVID-19-Pandemie sehen aktuell den Besuch des Museums nur in Ver\u00adbindung mit einem ge\u00adbuchten Zeit\u00adfenster und unter der Vorlage eines negativen und bescheinigten Ergebnis eines sogenannten Corona-Schnelltests oder eines offiziellen PCR-Tests vor, jeweils nicht \u00e4lter als 24 Stunden. Selbsttests sind nicht zugelassen.<\/h4>\n<h4>F\u00fcr Personen, die vollst\u00e4ndig gegen das Coronavirus geimpft sind oder nach einer Covid-19-Erkrankung als genesen gelten, entf\u00e4llt die Testpflicht bei Vorlage entsprechender Nachweise.<\/h4>\n<h4>Berliner Teststellen finden Sie unter<span style=\"color: #f08500;\"> <a style=\"color: #f08500;\" href=\"https:\/\/test-to-go.berlin\/\" target=\"_blank\" rel=\"noopener\">www.test-to-go.berlin<\/a>. <\/span>In unmittelbarer Umgebung des Museum gibt es folgende Schnelltestm\u00f6glichkeiten:<\/h4>\n<h4><a href=\"https:\/\/www.coronaschnelltest-kudamm.de\/\" target=\"_blank\" rel=\"noopener\"><span style=\"color: #f08500;\">Corona Schnelltest am Ku&#8217;Damm<\/span><\/a>, Fasanenstr. 16 (Terminbuchung notwenig)<\/h4>\n<h4><a href=\"https:\/\/schnelltestberlin.de\/buergertest-Charlottenburg\/\" target=\"_blank\" rel=\"noopener\"><span style=\"color: #f08500;\">Corona Testzentrum am Ku&#8217;Damm<\/span><\/a>, Uhlandstr. 181-183 (Terminbuchung m\u00f6glich)<\/h4>\n<h4><a href=\"mailto:info@fontane-apotheke-berlin.de\" target=\"_blank\" rel=\"noopener\"><span style=\"color: #f08500;\">Fontane Apotheke<\/span><\/a> in der Uhlandstr. 28 (Terminbuchung m\u00f6glich)<\/h4>\n<h4><a href=\"https:\/\/testcenter-uhland167.business.site\/\" target=\"_blank\" rel=\"noopener\"><span style=\"color: #f08500;\">Testcenter Uhland<\/span><\/a>, Uhlandstr. 167\/68 (Terminbuchung m\u00f6glich)<\/h4>\n<h4>Corona-City, Meinekestr. 25 (Terminbuchung nicht notwendig)<\/h4>\n<h4><\/h4>\n<h4>F\u00fcr kurz\u00adfristige Besuche oder bei Buchungs\u00adproblemen kontak\u00adtieren Sie uns gern per Telefon unter 030 &#8211; 882 52 10. Wir sind Montag bis Freitag zwischen 11 und 16 Uhr f\u00fcr Sie er\u00adreich\u00adbar.<\/h4>\n<p>[\/vc_column_text]<div id=\"ultib3-252715215169f480c407f6d\" class=\" ultb3-box ult-adjust-bottom-margin  \" style=\"background-color: #ffffff;border:3px solid #f08500;\"><div id=\"Info-banner-wrap3461\" class=\"ultb3-info ib3-info-center\" data-animation=\"\" data-animation-delay=\"03\"><div class=\"ultb3-title ult-responsive\"  data-ultimate-target='#Info-banner-wrap3461 .ultb3-title'  data-responsive-json-new='{\"font-size\":\"\",\"line-height\":\"\"}'  style=\"font-weight:normal;\">German Unity Day<\/div><div class=\"ultb3-desc ult-responsive\"  data-ultimate-target='#Info-banner-wrap3461 .ultb3-desc'  data-responsive-json-new='{\"font-size\":\"\",\"line-height\":\"\"}'  style=\"font-weight:normal;\">The museum will be open as usual from 11:00 a.m. to 6:00 p.m. on German Unity Day, Thursday, 3 October.<br \/>\nWe look forward to your visit!<\/div><\/div><\/div><style>\n\t\t\t\t\t#ultib3-252715215169f480c407f6d {\n\t\t\t\t\t\tmin-height:65px;\n\t\t\t\t\t}\n\t\t\t\t\t#ultib3-252715215169f480c407f6d img.ultb3-img {\n\t\t\t\t\t\theight: px;\n\t\t\t\t\t}\n\t\t\t\t\t#ultib3-252715215169f480c407f6d .ultb3-btn {\n\t\t\t\t\t\tborder:3px solid #f08500;border-radius:65px;color:#000000;\n\t\t\t\t\t}\n\t\t\t\t\t#ultib3-252715215169f480c407f6d .ultb3-btn:hover {\n\t\t\t\t\t\tbackground:#f08500;color:#ffffff;\n\t\t\t\t\t}\n\t\t\t\t\t#ultib3-252715215169f480c407f6d .ultb3-btn:focus {\n\t\t\t\t\t\toutline: 2px solid #005fcc;\n\t\t\t\t\t\toutline-offset: 2px;\n\t\t\t\t\t}\n\t\t\t\t<\/style>[\/vc_column_inner][\/vc_row_inner][\/vc_column][\/vc_row][vc_row type=&#8221;vc_default&#8221; full_width=&#8221;stretch_row&#8221; margin_top=&#8221;0px&#8221; margin_bottom=&#8221;0px&#8221; full_width_row=&#8221;true&#8221; bg_type=&#8221;image&#8221; parallax_style=&#8221;vcpb-default&#8221; bg_image_repeat=&#8221;no-repeat&#8221; min_height=&#8221;600px&#8221; css=&#8221;.vc_custom_1604492952913{margin-bottom: 0px !important;background-color: rgba(237,238,231,0.53) !important;background-position: center !important;background-repeat: no-repeat !important;background-size: cover !important;*background-color: rgb(237,238,231) !important;}&#8221;][vc_column css=&#8221;.vc_custom_1601542781855{margin-right: 0px !important;margin-left: 0px !important;padding-top: 50px !important;padding-right: 0px !important;padding-bottom: 30px !important;padding-left: 0px !important;background-position: center !important;background-repeat: no-repeat !important;background-size: cover !important;}&#8221;][vc_row_inner][vc_column_inner width=&#8221;1\/3&#8243;][vc_column_text css=&#8221;&#8221;]<\/p>\n<h3>Entrance fee<\/h3>\n<p>Regular: 10.00 euros<br \/>\nReduced: 7.00 euros[\/vc_column_text][\/vc_column_inner][vc_column_inner width=&#8221;1\/3&#8243;]<div class=\"ult-spacer spacer-69f480c408042\" data-id=\"69f480c408042\" data-height=\"40\" data-height-mobile=\"40\" data-height-tab=\"40\" data-height-tab-portrait=\"\" data-height-mobile-landscape=\"\" style=\"clear:both;display:block;\"><\/div>[vc_column_text]Groups are very welcome, pre-registration by email or phone is requested.[\/vc_column_text][\/vc_column_inner][vc_column_inner width=&#8221;1\/3&#8243;][\/vc_column_inner][\/vc_row_inner][vc_row_inner gap=&#8221;35&#8243; disable_element=&#8221;yes&#8221;][vc_column_inner width=&#8221;1\/3&#8243;][vc_column_text]<\/p>\n<h3>Erm\u00e4\u00dfigungen<\/h3>\n<p>Zu erm\u00e4\u00dfigtem Eintritt nach Vorlage des entsprechenden Nachweises berechtigt sind<\/p>\n<ul>\n<li>Gruppen ab 12 Personen<\/li>\n<li>Mitglieder des Museumsbundes<\/li>\n<li>Mitglieder des Bundesverbandes<br \/>\nBildender K\u00fcnstler<\/li>\n<li>Mitglieder des Verbandes<br \/>\ndeutscher Kunsthistoriker<\/li>\n<li>Mitglieder der Theatergemeinde Berlin<\/li>\n<li>Mitglieder des Kulturvolks Berlin<\/li>\n<li>Inhaber eines Schwerbehindertenausweises<\/li>\n<li>Inhaber der artCard<\/li>\n<li>Inhaber der Berliner Ehrenamtskarte<\/li>\n<\/ul>\n<p>[\/vc_column_text][\/vc_column_inner][vc_column_inner width=&#8221;1\/3&#8243;][vc_column_text]<\/p>\n<h3>Freier Eintritt<\/h3>\n<p>Zu freiem Eintritt nach Vorlage des entsprechenden Nachweises berechtigt sind<\/p>\n<ul>\n<li>Kinder und Jugendliche unter 18 Jahren<\/li>\n<li>Studierende<\/li>\n<li>Auszubildende<\/li>\n<li>Bundesfreiwillige<\/li>\n<li>Inhaber eines Berechtigungsnachweises (ehem. berlinpass)<\/li>\n<li>Mitglieder des Verbandes Berliner Stadtf\u00fchrer<\/li>\n<li>Vertreter der Presse<\/li>\n<li>Mitglieder von ICOM<\/li>\n<\/ul>\n<p>[\/vc_column_text][vc_column_text]<\/p>\n<h3>Covid-19<\/h3>\n<p>Bitte ber\u00fccksichtigen Sie <a href=\"https:\/\/www.kaethe-kollwitz.berlin\/en\/visit\/covid-19\/\" target=\"_blank\" rel=\"noopener noreferrer\">folgende Hinweise<\/a> bez\u00fcglich Ihres Besuches. Vielen Dank.[\/vc_column_text][\/vc_column_inner][vc_column_inner width=&#8221;1\/3&#8243;][vc_single_image image=&#8221;8453&#8243; img_size=&#8221;full&#8221;][\/vc_column_inner][\/vc_row_inner][vc_row_inner gap=&#8221;35&#8243;][vc_column_inner width=&#8221;1\/3&#8243;][vc_column_text]<\/p>\n<h3>Reduction<\/h3>\n<p>reduced admission upon presentation of the relevant evidence<\/p>\n<ul>\n<li>students<\/li>\n<li>apprentices<\/li>\n<li>Federal volunteers service (Germany)<\/li>\n<li>groups of 12 people or more<\/li>\n<li>members of Federal Association of Visual Artists (Germany)<\/li>\n<li>members of Association of German Art Historians<\/li>\n<li>members of the Theatergemeinde Berlin<\/li>\n<li>members of Kulturvolk Berlin<\/li>\n<li>members of Association of Berlin City Guides<\/li>\n<li>persons with disabilities<\/li>\n<li>holders of the artCard<\/li>\n<li>holders of the Berlin Ehrenamtskarte<\/li>\n<\/ul>\n<p>[\/vc_column_text][\/vc_column_inner][vc_column_inner width=&#8221;1\/3&#8243;][vc_column_text]<\/p>\n<h3>Free entrance<\/h3>\n<p>free entrance upon presentation of the relevant evidence<\/p>\n<ul>\n<li>children and young persons under 18<\/li>\n<li>holders of a certificate of eligibility (formerly berlinpass)<\/li>\n<li>press<\/li>\n<li>members of ICOM<\/li>\n<\/ul>\n<p>[\/vc_column_text][vc_column_text]<\/p>\n<h3>House rules<\/h3>\n<p>Our house rules you can find <a href=\"https:\/\/www.kaethe-kollwitz.berlin\/wp-content\/uploads\/2023\/03\/2023-House-Rules.pdf\" target=\"_blank\" rel=\"noopener\">here<\/a>.[\/vc_column_text][vc_column_text css=&#8221;&#8221;]<\/p>\n<h3>Video surveillance<\/h3>\n<p><a href=\"https:\/\/www.kaethe-kollwitz.berlin\/wp-content\/uploads\/2025\/07\/2025-Videoueberwachung_Homepageinfo.pdf\" target=\"_blank\" rel=\"noopener\">Data information sheet<\/a> (in German) in accordance with the GDPR for video surveillance in the exhibition rooms of the Kollwitz Museum.[\/vc_column_text][\/vc_column_inner][vc_column_inner width=&#8221;1\/3&#8243;][vc_single_image image=&#8221;8453&#8243; img_size=&#8221;full&#8221;][\/vc_column_inner][\/vc_row_inner][\/vc_column][\/vc_row][vc_row type=&#8221;vc_default&#8221; full_width=&#8221;stretch_row&#8221; disable_element=&#8221;yes&#8221; margin_top=&#8221;0px&#8221; margin_bottom=&#8221;0px&#8221; full_width_row=&#8221;true&#8221; min_height=&#8221;600px&#8221; css=&#8221;.vc_custom_1656248833685{margin-bottom: 0px !important;background-position: center !important;background-repeat: no-repeat !important;background-size: cover !important;}&#8221;][vc_column css=&#8221;.vc_custom_1601542825393{margin-right: 0px !important;margin-left: 0px !important;padding-top: 50px !important;padding-right: 0px !important;padding-bottom: 30px !important;padding-left: 0px !important;background-position: center !important;background-repeat: no-repeat !important;background-size: cover !important;}&#8221;][vc_column_text]<\/p>\n<h1>Jetzt buchen<\/h1>\n<p>Online-Ticket-System[\/vc_column_text][vc_column_text]Bitte beachten Sie: Jeden ersten Sonntag im Monat findet der Berliner Museumssonntag statt. An diesem Tag ist der Eintritt ins Museum f\u00fcr alle frei. Wir bitten dennoch um Buchung von Zeitfenstertickets direkt \u00fcber das <a href=\"https:\/\/shop.museumssonntag.berlin\/#\/tickets\/time?museum_id=23&amp;group=timeSlot\" target=\"_blank\" rel=\"noopener\">Buchungstool von museumssonntag.berlin<\/a>. \u00dcber unser Online-Ticketing-System sind an den Museumssonntagen keine Buchungen m\u00f6glich.[\/vc_column_text][vc_separator][vc_raw_html css=&#8221;.vc_custom_1611065900437{margin-top: 0px !important;padding-top: 0px !important;}&#8221;]JTNDc2NyaXB0JTNFJTBBJTIwJTIwJTIwJTIwd2luZG93LlRXRUJTSE9QX0VYUEVSSUVOQ0UlMjAlM0QlMjAlN0IlMEElMjAlMjAlMjAlMjAlMjAlMjAlMjAlMjBjb25maWclM0ElMjAlMjdiZXJsaW5hZmZpbGlhdGVfYnRtJTI3JTJDJTBBJTA5cm9sZSUzQSUyMCUyN0JUTTAwMDIwMTAwOTU0MDA3NzgyJTI3JTJDJTBBJTIwJTIwJTIwJTIwJTIwJTIwJTIwJTIwaWQlM0ElMjAlMjdCVE0wMDAyMDEwMDk1NDkwMzY3MCUyNyUyQyUwQSUyMCUyMCUyMCUyMCUyMCUyMCUyMCUyMGxhbmd1YWdlJTNBJTIwJTI3ZGUlMjclMkMlMEElMjAlMjAlMjAlMjAlMjAlMjAlMjAlMjB0aGVtZSUzQSUyMCU3QiUwQSUyMCUyMCUyMCUyMCUyMCUyMCUyMCUyMCUyMCUyMCUyMCUyMHN0aWNreSUzQSUyMCU3QiUwQSUyMCUyMCUyMCUyMCUyMCUyMCUyMCUyMCUyMCUyMCUyMCUyMCUyMCUyMCUyMCUyMG9mZnNldCUzQSUyMDIwJTJDJTBBJTIwJTIwJTIwJTIwJTIwJTIwJTIwJTIwJTIwJTIwJTIwJTIwJTIwJTIwJTIwJTIwekluZGV4JTNBJTIwMiUwQSUyMCUyMCUyMCUyMCUyMCUyMCUyMCUyMCUyMCUyMCUyMCUyMCU3RCUyQyUwQSUyMCUyMCUyMCUyMCUyMCUyMCUyMCUyMCUyMCUyMCUyMCUyMGNvbG9ycyUzQSUyMCU3QiUwQSUyMCUyMCUyMCUyMCUyMCUyMCUyMCUyMCUyMCUyMCUyMCUyMCUyMCUyMCUyMCUyMGJ1dHRvbiUzQSUyMCUyNyUyM2QyMjMyYSUyNyUyQyUwQSUyMCUyMCUyMCUyMCUyMCUyMCUyMCUyMCUyMCUyMCUyMCUyMCUyMCUyMCUyMCUyMGJ1dHRvblRleHQlM0ElMjAlMjclMjNmZmYlMjclMkMlMEElMjAlMjAlMjAlMjAlMjAlMjAlMjAlMjAlMjAlMjAlMjAlMjAlMjAlMjAlMjAlMjBib3glM0ElMjAlMjclMjM1ZTYyNjUlMjclMkMlMEElMjAlMjAlMjAlMjAlMjAlMjAlMjAlMjAlMjAlMjAlMjAlMjAlMjAlMjAlMjAlMjBib3hUZXh0JTNBJTIwJTI3JTIzZmZmJTI3JTJDJTBBJTIwJTIwJTIwJTIwJTIwJTIwJTIwJTIwJTIwJTIwJTIwJTIwJTIwJTIwJTIwJTIwYm9va2luZyUzQSUyMCUyNyUyM2VmZWZlZiUyNyUyQyUwQSUyMCUyMCUyMCUyMCUyMCUyMCUyMCUyMCUyMCUyMCUyMCUyMCUyMCUyMCUyMCUyMGJvb2tpbmdUZXh0JTNBJTIwJTI3JTIzMzMzJTI3JTBBJTIwJTIwJTIwJTIwJTIwJTIwJTIwJTIwJTIwJTIwJTIwJTIwJTdEJTBBJTIwJTIwJTIwJTIwJTIwJTIwJTIwJTIwJTdEJTBBJTIwJTIwJTIwJTIwJTdEJTBBJTNDJTJGc2NyaXB0JTNFJTBBJTIwJTBBJTNDZGl2JTIwaWQlM0QlMjJ0d2Vic2hvcC1leHBlcmllbmNlLXdpZGdldCUyMiUzRSUzQyUyRmRpdiUzRSUwQSUzQ3NjcmlwdCUyMHNyYyUzRCUyMmh0dHBzJTNBJTJGJTJGdHdlYnNob3AudG9tYXMtdHJhdmVsLmNvbSUyRmFwcCUyRmV4cGVyaWVuY2UlMkZ3aWRnZXQlMkZhcHAuanMlMjIlM0UlM0MlMkZzY3JpcHQlM0U=[\/vc_raw_html][vc_column_text]<em>Mit freundlicher Unterst\u00fctzung von Visit Berlin.<\/em>[\/vc_column_text]<div class=\"ult-spacer spacer-69f480c408062\" data-id=\"69f480c408062\" data-height=\"60\" data-height-mobile=\"60\" data-height-tab=\"60\" data-height-tab-portrait=\"\" data-height-mobile-landscape=\"\" style=\"clear:both;display:block;\"><\/div>[vc_row_inner disable_element=&#8221;yes&#8221;][vc_column_inner width=&#8221;2\/3&#8243; css=&#8221;.vc_custom_1616014870117{background-color: rgba(237,238,231,0.53) !important;*background-color: rgb(237,238,231) !important;}&#8221;][vc_column_text]<\/p>\n<h4>Hinweis zur Anwesenheitsdokumentation<\/h4>\n<p>Zur Eind\u00e4mmung der COVID-19-Pandemie ist das Kollwitz-Museum verpflichtet, Ihre Daten vor Ort zu erheben. Diese werden aus\u00adschlie\u00dflich zur Nach\u00adverfolgung von m\u00f6glichen Infektions\u00adwegen und auf An\u00adforderung an die zust\u00e4n\u00addigen Gesund\u00adheits\u00adbeh\u00f6rden weiter\u00adgegeben. Rechts\u00adgrundlage der Daten\u00adverarbeitung ist Art. 6 Abs. 1 lit. d DSGVO (Ver\u00adarbeitung personen\u00adbezogener Daten zum Schutz lebens\u00adwichtiger Inter\u00adessen der betroffenen Person oder einer anderen nat\u00fcr\u00adlichen Person). Hierzu z\u00e4hlt auch die Ver\u00adarbeitung personen\u00adbezogener Daten zur \u00dcber\u00adwachung von Epidemien und deren Ausbreitung. Ihre Kontakt\u00addaten werden f\u00fcr einen Zeit\u00adraum von vier Wochen auf\u00adbewahrt und dann ver\u00adnichtet.[\/vc_column_text][vc_column_text]Tickets f\u00fcr unsere Onlinef\u00fchrungen buchen Sie bitte <a href=\"https:\/\/www.kaethe-kollwitz.berlin\/en\/art-experience\/guided-tours\/#\/\">hier<\/a>.[\/vc_column_text][\/vc_column_inner][\/vc_row_inner]<div class=\"ult-spacer spacer-69f480c408079\" data-id=\"69f480c408079\" data-height=\"60\" data-height-mobile=\"60\" data-height-tab=\"60\" data-height-tab-portrait=\"\" data-height-mobile-landscape=\"\" style=\"clear:both;display:block;\"><\/div>[\/vc_column][\/vc_row]<\/p>\n<\/div>","protected":false},"excerpt":{"rendered":"<p>[vc_row type=&#8221;vc_default&#8221; full_width=&#8221;stretch_row&#8221; margin_top=&#8221;0px&#8221; margin_bottom=&#8221;0px&#8221; full_width_row=&#8221;true&#8221; bg_type=&#8221;image&#8221; parallax_style=&#8221;vcpb-default&#8221; bg_image_repeat=&#8221;no-repeat&#8221; min_height=&#8221;600px&#8221; css=&#8221;.vc_custom_1604492847091{margin-bottom: 0px !important;background-color: #edeee7 !important;background-position: center !important;background-repeat: no-repeat !important;background-size: cover !important;}&#8221;][vc_column css=&#8221;.vc_custom_1601542853867{margin-right: 0px !important;margin-left: 0px !important;padding-top: 60px !important;padding-right: 0px !important;padding-bottom: 30px !important;padding-left: 0px !important;background-position: center !important;background-repeat: no-repeat !important;background-size: cover !important;}&#8221;][vc_row_inner][vc_column_inner width=&#8221;2\/3&#8243;][vc_column_text] Opening hours &amp; tickets [\/vc_column_text][\/vc_column_inner][\/vc_row_inner][vc_row_inner][vc_column_inner width=&#8221;2\/3&#8243;][vc_column_text] daily open from 11.00 till 18.00, even on&hellip;<\/p>\n","protected":false},"author":2,"featured_media":0,"parent":4469,"menu_order":0,"comment_status":"closed","ping_status":"closed","template":"","meta":{"footnotes":""},"class_list":["post-10483","page","type-page","status-publish","hentry","description-off"],"_links":{"self":[{"href":"https:\/\/www.kaethe-kollwitz.berlin\/en\/wp-json\/wp\/v2\/pages\/10483","targetHints":{"allow":["GET"]}}],"collection":[{"href":"https:\/\/www.kaethe-kollwitz.berlin\/en\/wp-json\/wp\/v2\/pages"}],"about":[{"href":"https:\/\/www.kaethe-kollwitz.berlin\/en\/wp-json\/wp\/v2\/types\/page"}],"author":[{"embeddable":true,"href":"https:\/\/www.kaethe-kollwitz.berlin\/en\/wp-json\/wp\/v2\/users\/2"}],"replies":[{"embeddable":true,"href":"https:\/\/www.kaethe-kollwitz.berlin\/en\/wp-json\/wp\/v2\/comments?post=10483"}],"version-history":[{"count":25,"href":"https:\/\/www.kaethe-kollwitz.berlin\/en\/wp-json\/wp\/v2\/pages\/10483\/revisions"}],"predecessor-version":[{"id":16011,"href":"https:\/\/www.kaethe-kollwitz.berlin\/en\/wp-json\/wp\/v2\/pages\/10483\/revisions\/16011"}],"up":[{"embeddable":true,"href":"https:\/\/www.kaethe-kollwitz.berlin\/en\/wp-json\/wp\/v2\/pages\/4469"}],"wp:attachment":[{"href":"https:\/\/www.kaethe-kollwitz.berlin\/en\/wp-json\/wp\/v2\/media?parent=10483"}],"curies":[{"name":"wp","href":"https:\/\/api.w.org\/{rel}","templated":true}]}}